{"id":117,"date":"2020-02-15T21:39:31","date_gmt":"2020-02-15T20:39:31","guid":{"rendered":"http:\/\/www.m2-infocom.iut-tlse3.fr\/?page_id=117"},"modified":"2026-02-17T10:05:16","modified_gmt":"2026-02-17T09:05:16","slug":"les-enseignements","status":"publish","type":"page","link":"http:\/\/www.m2-infocom.iut-tlse3.fr\/?page_id=117","title":{"rendered":"Les enseignements"},"content":{"rendered":"<h2>LES ENSEIGNEMENTS<\/h2>\n<p>400 heures de cours, de conf\u00e9rences et de conseils m\u00e9thodologiques, sont assur\u00e9s par des universitaires et des professionnels, pour permettre aux \u00e9tudiants d\u2019organiser leurs comp\u00e9tences autour de plusieurs axes. \u00c0 la rentr\u00e9e 2024-2025, 60 ECTS sont d\u00e9di\u00e9s aux 2 semestres du Master, distribu\u00e9s sur 10 UE th\u00e9matiques, comprenant chacune plusieurs ECUE.<\/p>\n<p><img width=\"640\" height=\"480\" src=\"http:\/\/www.m2-infocom.iut-tlse3.fr\/wp-content\/uploads\/2020\/02\/IUT-Ponsan.jpg\" alt=\"\" loading=\"lazy\"><\/p>\n<h3>Semestre 9 :<br \/>\nSeptembre &#8211; Janvier<\/h3>\n<p><strong>UE 1 : Les acteurs publics et leur communication (6 ECTS)<\/strong><\/p>\n<p>Vie politique et institutions &#8211; 10H CM<\/p>\n<p>Communication politique et publique &#8211; 15H CM<\/p>\n<p>Territoires et m\u00e9dias &#8211; 12H CM<\/p>\n<p>Relations Presse 6H CM<\/p>\n<p><strong>UE 2 : Fondamentaux de la communication (3 ECTS)<\/strong><\/p>\n<p>Socio-\u00e9conomie du num\u00e9rique &#8211; 12H CM<\/p>\n<p>Strat\u00e9gie de communication &#8211; 9H CM + 6H TD<\/p>\n<p><strong>UE 3 : Contexte territorial (7 ECTS)<\/strong><\/p>\n<p>Acteurs et Territoires &#8211; 15H CM<\/p>\n<p><strong>UE 4 : Strat\u00e9gie de contenus ON LINE (6 ECTS)<\/strong><\/p>\n<p>Veille strat\u00e9gique &#8211; 12H TD<\/p>\n<p>PAO -12h TD<\/p>\n<p>Social media management &#8211; 9H CM<\/p>\n<p>Atelier d&rsquo;\u00e9criture web &#8211; 4H CM + 6H TD<\/p>\n<p><strong>UE 5 : Ing\u00e9nierie de projet (3 ECTS)<\/strong><\/p>\n<p>Sponsoring et m\u00e9c\u00e9nat &#8211; 12H CM<\/p>\n<p>Droit d&rsquo;internet, droit \u00e0 l&rsquo;image, droit de l&rsquo;information &#8211; 12CM<\/p>\n<p>Gestion de projet et de budget &#8211; 12H TD<\/p>\n<h3>Semestre 10 :<br \/>\nJanvier &#8211; Septembre<\/h3>\n<p><strong>UE 6 : Particularit\u00e9s sectorielles (6 ECTS)<\/strong><\/p>\n<p>Communication touristique &#8211; 9H CM<\/p>\n<p>Communication \u00e9v\u00e8nementielle &#8211; 12H TD<\/p>\n<p>Communication des associations et des ONG &#8211; 9H CM<\/p>\n<p>Communication et sport &#8211; 9H CM<\/p>\n<p>Communication culturelle et patrimoniale &#8211; 12CM<\/p>\n<p><strong>UE 7 : Contexte territorial&nbsp; (3 ECTS)<\/strong><\/p>\n<p>Analyse du discours et des controverses &#8211; 9H CM + 6H TD<\/p>\n<p>Marketing de territoires &#8211; 12H CM<\/p>\n<p><strong>UE 8 : Media planning (3 ECTS)<\/strong><\/p>\n<p>Mediatraining &#8211; 12H TD<\/p>\n<p>Atelier vid\u00e9o &#8211; 12H TD<\/p>\n<p><strong>UE 9 : Communiquer \u00e0 l&rsquo;international (3 ECTS)<\/strong><\/p>\n<p>Anglais sp\u00e9cialis\u00e9 &#8211; 20 TD<\/p>\n<p><strong>UE 10 : Mise en situation professionnelle et de recherche (6 ECTS)<\/strong><\/p>\n<p>M\u00e9thodologie en SIC &#8211; 30H CM<\/p>\n<p>Projet tuteur\u00e9<\/p>\n<p>M\u00e9moire de recherche<\/p>\n<p>Stage &#8211; 6 mois<\/p>\n<p><img width=\"640\" height=\"360\" src=\"http:\/\/www.m2-infocom.iut-tlse3.fr\/wp-content\/uploads\/2020\/02\/66802106_2036390623133185_1519513717987868672_n.jpg\" alt=\"\" loading=\"lazy\"><\/p>\n<p>Les cours ont lieu en majorit\u00e9 dans les locaux du d\u00e9partement d\u2019Information et de communication (115 C Route de Narbonne, 31077 Cedex 4, Toulouse). Toute indication ou modification de salle est affich\u00e9e sur l\u2019agenda en ligne du Master. Certains enseignements ont lieu sur le site de l\u2019Universit\u00e9 Toulouse 1 Capitole.&nbsp;<\/p>\n<p><iframe loading=\"lazy\" src=\"https:\/\/player.flipsnack.com?hash=RkFGNzdFNzdDNkYrN3UzYjMzaXRrNQ==\" width=\"100%\" height=\"480\" seamless=\"seamless\" scrolling=\"no\" frameborder=\"0\" allowfullscreen=\"\" allow=\"autoplay; clipboard-read; clipboard-write\"><\/iframe><\/p>\n<p>T\u00e9l\u00e9charger le Livret p\u00e9dagogique de l\u2019\u00e9tudiant : <strong>le livret de la promo 2022-2023<\/strong><\/p>\n<h3>Calendrier 2024-2025<\/h3>\n<figure>\n\t\t\t\t\t\t\t\t\t\t<img width=\"640\" height=\"905\" src=\"http:\/\/www.m2-infocom.iut-tlse3.fr\/wp-content\/uploads\/2024\/11\/CALENDRIER-M2-COMTER-24-25-1-724x1024.png\" alt=\"\" loading=\"lazy\" srcset=\"http:\/\/www.m2-infocom.iut-tlse3.fr\/wp-content\/uploads\/2024\/11\/CALENDRIER-M2-COMTER-24-25-1-724x1024.png 724w, http:\/\/www.m2-infocom.iut-tlse3.fr\/wp-content\/uploads\/2024\/11\/CALENDRIER-M2-COMTER-24-25-1-212x300.png 212w, http:\/\/www.m2-infocom.iut-tlse3.fr\/wp-content\/uploads\/2024\/11\/CALENDRIER-M2-COMTER-24-25-1-768x1086.png 768w, http:\/\/www.m2-infocom.iut-tlse3.fr\/wp-content\/uploads\/2024\/11\/CALENDRIER-M2-COMTER-24-25-1-1086x1536.png 1086w, http:\/\/www.m2-infocom.iut-tlse3.fr\/wp-content\/uploads\/2024\/11\/CALENDRIER-M2-COMTER-24-25-1-1448x2048.png 1448w, http:\/\/www.m2-infocom.iut-tlse3.fr\/wp-content\/uploads\/2024\/11\/CALENDRIER-M2-COMTER-24-25-1.png 1654w\" sizes=\"(max-width: 640px) 100vw, 640px\"><figcaption><\/figcaption><\/figure>\n","protected":false},"excerpt":{"rendered":"<p>LES ENSEIGNEMENTS 400 heures de cours, de conf\u00e9rences et de conseils m\u00e9thodologiques, sont assur\u00e9s par des universitaires et des professionnels, pour permettre aux&#8230;<\/p>\n","protected":false},"author":1,"featured_media":1961,"parent":0,"menu_order":0,"comment_status":"closed","ping_status":"closed","template":"elementor_header_footer","meta":[],"yoast_head":"<!-- This site is optimized with the Yoast SEO plugin v18.0 - https:\/\/yoast.com\/wordpress\/plugins\/seo\/ -->\n<title>Les enseignements - Master 2 Communication et Territoires<\/title>\n<meta name=\"robots\" content=\"index, follow, max-snippet:-1, max-image-preview:large, max-video-preview:-1\" \/>\n<link rel=\"canonical\" href=\"http:\/\/www.m2-infocom.iut-tlse3.fr\/?page_id=117\" \/>\n<meta property=\"og:locale\" content=\"fr_FR\" \/>\n<meta property=\"og:type\" content=\"article\" \/>\n<meta property=\"og:title\" content=\"Les enseignements - Master 2 Communication et Territoires\" \/>\n<meta property=\"og:description\" content=\"LES ENSEIGNEMENTS 400 heures de cours, de conf\u00e9rences et de conseils m\u00e9thodologiques, sont assur\u00e9s par des universitaires et des professionnels, pour permettre aux...\" \/>\n<meta property=\"og:url\" content=\"http:\/\/www.m2-infocom.iut-tlse3.fr\/?page_id=117\" \/>\n<meta property=\"og:site_name\" content=\"Master 2 Communication et Territoires\" \/>\n<meta property=\"article:modified_time\" content=\"2026-02-17T09:05:16+00:00\" \/>\n<meta property=\"og:image\" content=\"http:\/\/www.m2-infocom.iut-tlse3.fr\/wp-content\/uploads\/2026\/02\/cropped-Design-sans-titre-24.png\" \/>\n\t<meta property=\"og:image:width\" content=\"1440\" \/>\n\t<meta property=\"og:image:height\" content=\"480\" \/>\n\t<meta property=\"og:image:type\" content=\"image\/png\" \/>\n<meta name=\"twitter:card\" content=\"summary_large_image\" \/>\n<meta name=\"twitter:label1\" content=\"Dur\u00e9e de lecture estim\u00e9e\" \/>\n\t<meta name=\"twitter:data1\" content=\"3 minutes\" \/>\n<script type=\"application\/ld+json\" class=\"yoast-schema-graph\">{\"@context\":\"https:\/\/schema.org\",\"@graph\":[{\"@type\":\"WebSite\",\"@id\":\"http:\/\/www.m2-infocom.iut-tlse3.fr\/#website\",\"url\":\"http:\/\/www.m2-infocom.iut-tlse3.fr\/\",\"name\":\"Master 2 Communication et Territoires\",\"description\":\"\",\"potentialAction\":[{\"@type\":\"SearchAction\",\"target\":{\"@type\":\"EntryPoint\",\"urlTemplate\":\"http:\/\/www.m2-infocom.iut-tlse3.fr\/?s={search_term_string}\"},\"query-input\":\"required name=search_term_string\"}],\"inLanguage\":\"fr-FR\"},{\"@type\":\"ImageObject\",\"@id\":\"http:\/\/www.m2-infocom.iut-tlse3.fr\/?page_id=117#primaryimage\",\"inLanguage\":\"fr-FR\",\"url\":\"http:\/\/www.m2-infocom.iut-tlse3.fr\/wp-content\/uploads\/2026\/02\/cropped-Design-sans-titre-24.png\",\"contentUrl\":\"http:\/\/www.m2-infocom.iut-tlse3.fr\/wp-content\/uploads\/2026\/02\/cropped-Design-sans-titre-24.png\",\"width\":1440,\"height\":480},{\"@type\":\"WebPage\",\"@id\":\"http:\/\/www.m2-infocom.iut-tlse3.fr\/?page_id=117#webpage\",\"url\":\"http:\/\/www.m2-infocom.iut-tlse3.fr\/?page_id=117\",\"name\":\"Les enseignements - Master 2 Communication et Territoires\",\"isPartOf\":{\"@id\":\"http:\/\/www.m2-infocom.iut-tlse3.fr\/#website\"},\"primaryImageOfPage\":{\"@id\":\"http:\/\/www.m2-infocom.iut-tlse3.fr\/?page_id=117#primaryimage\"},\"datePublished\":\"2020-02-15T20:39:31+00:00\",\"dateModified\":\"2026-02-17T09:05:16+00:00\",\"breadcrumb\":{\"@id\":\"http:\/\/www.m2-infocom.iut-tlse3.fr\/?page_id=117#breadcrumb\"},\"inLanguage\":\"fr-FR\",\"potentialAction\":[{\"@type\":\"ReadAction\",\"target\":[\"http:\/\/www.m2-infocom.iut-tlse3.fr\/?page_id=117\"]}]},{\"@type\":\"BreadcrumbList\",\"@id\":\"http:\/\/www.m2-infocom.iut-tlse3.fr\/?page_id=117#breadcrumb\",\"itemListElement\":[{\"@type\":\"ListItem\",\"position\":1,\"name\":\"Les enseignements\"}]}]}<\/script>\n<!-- \/ Yoast SEO plugin. -->","yoast_head_json":{"title":"Les enseignements - Master 2 Communication et Territoires","robots":{"index":"index","follow":"follow","max-snippet":"max-snippet:-1","max-image-preview":"max-image-preview:large","max-video-preview":"max-video-preview:-1"},"canonical":"http:\/\/www.m2-infocom.iut-tlse3.fr\/?page_id=117","og_locale":"fr_FR","og_type":"article","og_title":"Les enseignements - Master 2 Communication et Territoires","og_description":"LES ENSEIGNEMENTS 400 heures de cours, de conf\u00e9rences et de conseils m\u00e9thodologiques, sont assur\u00e9s par des universitaires et des professionnels, pour permettre aux...","og_url":"http:\/\/www.m2-infocom.iut-tlse3.fr\/?page_id=117","og_site_name":"Master 2 Communication et Territoires","article_modified_time":"2026-02-17T09:05:16+00:00","og_image":[{"width":1440,"height":480,"url":"http:\/\/www.m2-infocom.iut-tlse3.fr\/wp-content\/uploads\/2026\/02\/cropped-Design-sans-titre-24.png","type":"image\/png"}],"twitter_card":"summary_large_image","twitter_misc":{"Dur\u00e9e de lecture estim\u00e9e":"3 minutes"},"schema":{"@context":"https:\/\/schema.org","@graph":[{"@type":"WebSite","@id":"http:\/\/www.m2-infocom.iut-tlse3.fr\/#website","url":"http:\/\/www.m2-infocom.iut-tlse3.fr\/","name":"Master 2 Communication et Territoires","description":"","potentialAction":[{"@type":"SearchAction","target":{"@type":"EntryPoint","urlTemplate":"http:\/\/www.m2-infocom.iut-tlse3.fr\/?s={search_term_string}"},"query-input":"required name=search_term_string"}],"inLanguage":"fr-FR"},{"@type":"ImageObject","@id":"http:\/\/www.m2-infocom.iut-tlse3.fr\/?page_id=117#primaryimage","inLanguage":"fr-FR","url":"http:\/\/www.m2-infocom.iut-tlse3.fr\/wp-content\/uploads\/2026\/02\/cropped-Design-sans-titre-24.png","contentUrl":"http:\/\/www.m2-infocom.iut-tlse3.fr\/wp-content\/uploads\/2026\/02\/cropped-Design-sans-titre-24.png","width":1440,"height":480},{"@type":"WebPage","@id":"http:\/\/www.m2-infocom.iut-tlse3.fr\/?page_id=117#webpage","url":"http:\/\/www.m2-infocom.iut-tlse3.fr\/?page_id=117","name":"Les enseignements - Master 2 Communication et Territoires","isPartOf":{"@id":"http:\/\/www.m2-infocom.iut-tlse3.fr\/#website"},"primaryImageOfPage":{"@id":"http:\/\/www.m2-infocom.iut-tlse3.fr\/?page_id=117#primaryimage"},"datePublished":"2020-02-15T20:39:31+00:00","dateModified":"2026-02-17T09:05:16+00:00","breadcrumb":{"@id":"http:\/\/www.m2-infocom.iut-tlse3.fr\/?page_id=117#breadcrumb"},"inLanguage":"fr-FR","potentialAction":[{"@type":"ReadAction","target":["http:\/\/www.m2-infocom.iut-tlse3.fr\/?page_id=117"]}]},{"@type":"BreadcrumbList","@id":"http:\/\/www.m2-infocom.iut-tlse3.fr\/?page_id=117#breadcrumb","itemListElement":[{"@type":"ListItem","position":1,"name":"Les enseignements"}]}]}},"_links":{"self":[{"href":"http:\/\/www.m2-infocom.iut-tlse3.fr\/index.php?rest_route=\/wp\/v2\/pages\/117"}],"collection":[{"href":"http:\/\/www.m2-infocom.iut-tlse3.fr\/index.php?rest_route=\/wp\/v2\/pages"}],"about":[{"href":"http:\/\/www.m2-infocom.iut-tlse3.fr\/index.php?rest_route=\/wp\/v2\/types\/page"}],"author":[{"embeddable":true,"href":"http:\/\/www.m2-infocom.iut-tlse3.fr\/index.php?rest_route=\/wp\/v2\/users\/1"}],"replies":[{"embeddable":true,"href":"http:\/\/www.m2-infocom.iut-tlse3.fr\/index.php?rest_route=%2Fwp%2Fv2%2Fcomments&post=117"}],"version-history":[{"count":50,"href":"http:\/\/www.m2-infocom.iut-tlse3.fr\/index.php?rest_route=\/wp\/v2\/pages\/117\/revisions"}],"predecessor-version":[{"id":1965,"href":"http:\/\/www.m2-infocom.iut-tlse3.fr\/index.php?rest_route=\/wp\/v2\/pages\/117\/revisions\/1965"}],"wp:featuredmedia":[{"embeddable":true,"href":"http:\/\/www.m2-infocom.iut-tlse3.fr\/index.php?rest_route=\/wp\/v2\/media\/1961"}],"wp:attachment":[{"href":"http:\/\/www.m2-infocom.iut-tlse3.fr\/index.php?rest_route=%2Fwp%2Fv2%2Fmedia&parent=117"}],"curies":[{"name":"wp","href":"https:\/\/api.w.org\/{rel}","templated":true}]}}